{"id":19,"date":"2013-08-13T16:35:07","date_gmt":"2013-08-13T14:35:07","guid":{"rendered":"http:\/\/maennep.web.fh-koeln.de\/?page_id=19"},"modified":"2015-09-14T18:20:39","modified_gmt":"2015-09-14T16:20:39","slug":"kontakt","status":"publish","type":"page","link":"http:\/\/maennep.web.th-koeln.de\/?page_id=19","title":{"rendered":"Team"},"content":{"rendered":"<p><img decoding=\"async\" class=\"alignleft teamfoto\" src=\"http:\/\/maennep.web.fh-koeln.de\/wp-content\/uploads\/2013\/11\/teamfoto.jpg\" alt=\"Teamfoto\" \/><\/p>\n<p><span style=\"color: #6b9970;\"><b>Projektleitung<\/b><\/span><\/p>\n<p>Prof. Dr. Simone Leiber<br \/>\nHochschule D\u00fcsseldorf<br \/>\nFachbereich Sozial- und Kulturwissenschaften<br \/>\nUniversit\u00e4tsstr.1, Geb\u00e4ude 24.21<br \/>\n40225 D\u00fcsseldorf<br \/>\nTel. 0211\/81-11734<br \/>\nFax 0211\/81-15883<br \/>\nE-Mail: <a href=\"mailto:simone.leiber@fh-duesseldorf.de\">simone.leiber@fh-duesseldorf.de<\/a><br \/>\nWeb: <a href=\"http:\/\/soz-kult.fh-duesseldorf.de\/leiber\">http:\/\/soz-kult.fh-duesseldorf.de\/leiber<\/a><\/p>\n<p>Prof. Dr. Sigrid Leitner<br \/>\nTH K\u00f6ln<br \/>\nFakult\u00e4t f\u00fcr Angewandte Sozialwissenschaften<br \/>\nGustav-Heinemann-Ufer 54<br \/>\n50968 K\u00f6ln<br \/>\nTel. 0221\/8275-3332<br \/>\nFax 0221\/8275 3349<br \/>\nE-Mail: <a href=\"mailto:sigrid.leitner@fh-koeln.de\">sigrid.leitner@fh-koeln.de<\/a><br \/>\nWeb: <a href=\"http:\/\/www.f01.fh-koeln.de\/fakultaet\/personen\/profs\/sigrid.leitner\/index.html\">http:\/\/www.f01.fh-koeln.de\/fakultaet\/personen\/profs\/sigrid.leitner\/index.html<\/a><\/p>\n<p>Dr. Diana Auth<br \/>\nJustus-Liebig-Universit\u00e4t Gie\u00dfen<br \/>\nInstitut f\u00fcr Politikwissenschaft<br \/>\nKarl-Gl\u00f6ckner Str. 21 E<br \/>\n35394 Gie\u00dfen<br \/>\nTel. 0641\/99-23135<br \/>\nFax 0641\/99-23149<br \/>\nE-Mail: <a href=\"mailto:diana.auth@sowi.uni-giessen.de\">diana.auth@sowi.uni-giessen.de<\/a><br \/>\nWeb: <a href=\"http:\/\/www.diana-auth.de\/\">www.diana-auth.de<\/a><\/p>\n<p>&nbsp;<\/p>\n<p><span style=\"color: #6b9970;\"><b>Wissenschaftliche Mitarbeiterinnen<\/b><\/span><\/p>\n<p>Daniela Br\u00fcker<br \/>\nHochschule D\u00fcsseldorf<br \/>\nFachbereich Sozial- und Kulturwissenschaften<\/p>\n<p>Mirjam Dierkes<br \/>\nJustus-Liebig-Universit\u00e4t Gie\u00dfen<br \/>\nInstitut f\u00fcr Politikwissenschaft<\/p>\n<p>Marina Vukoman<br \/>\nTH K\u00f6ln<br \/>\nFakult\u00e4t f\u00fcr Angewandte Sozialwissenschaften<\/p>\n<p><span style=\"color: #6b9970;\"><b>Wissenschaftliche Hilfskraft<\/b><\/span><b><\/b><\/p>\n<p>Laura Schultz<br \/>\nHochschule D\u00fcsseldorf<br \/>\nFachbereich Sozial- und Kulturwissenschaften<\/p>\n","protected":false},"excerpt":{"rendered":"<p>Projektleitung Prof. Dr. Simone Leiber Hochschule D\u00fcsseldorf Fachbereich Sozial- und Kulturwissenschaften Universit\u00e4tsstr.1, Geb\u00e4ude 24.21 40225 D\u00fcsseldorf Tel. 0211\/81-11734 Fax 0211\/81-15883 E-Mail: simone.leiber@fh-duesseldorf.de Web: http:\/\/soz-kult.fh-duesseldorf.de\/leiber Prof. Dr. Sigrid Leitner TH K\u00f6ln Fakult\u00e4t f\u00fcr Angewandte Sozialwissenschaften Gustav-Heinemann-Ufer 54 50968 K\u00f6ln Tel. 0221\/8275-3332 Fax 0221\/8275 3349 E-Mail: sigrid.leitner@fh-koeln.de Web: http:\/\/www.f01.fh-koeln.de\/fakultaet\/personen\/profs\/sigrid.leitner\/index.html Dr. Diana Auth Justus-Liebig-Universit\u00e4t Gie\u00dfen Institut f\u00fcr Politikwissenschaft [&hellip;]<\/p>\n","protected":false},"author":3,"featured_media":0,"parent":0,"menu_order":20,"comment_status":"closed","ping_status":"closed","template":"","meta":{"footnotes":""},"class_list":["post-19","page","type-page","status-publish","hentry"],"_links":{"self":[{"href":"http:\/\/maennep.web.th-koeln.de\/index.php?rest_route=\/wp\/v2\/pages\/19","targetHints":{"allow":["GET"]}}],"collection":[{"href":"http:\/\/maennep.web.th-koeln.de\/index.php?rest_route=\/wp\/v2\/pages"}],"about":[{"href":"http:\/\/maennep.web.th-koeln.de\/index.php?rest_route=\/wp\/v2\/types\/page"}],"author":[{"embeddable":true,"href":"http:\/\/maennep.web.th-koeln.de\/index.php?rest_route=\/wp\/v2\/users\/3"}],"replies":[{"embeddable":true,"href":"http:\/\/maennep.web.th-koeln.de\/index.php?rest_route=%2Fwp%2Fv2%2Fcomments&post=19"}],"version-history":[{"count":33,"href":"http:\/\/maennep.web.th-koeln.de\/index.php?rest_route=\/wp\/v2\/pages\/19\/revisions"}],"predecessor-version":[{"id":259,"href":"http:\/\/maennep.web.th-koeln.de\/index.php?rest_route=\/wp\/v2\/pages\/19\/revisions\/259"}],"wp:attachment":[{"href":"http:\/\/maennep.web.th-koeln.de\/index.php?rest_route=%2Fwp%2Fv2%2Fmedia&parent=19"}],"curies":[{"name":"wp","href":"https:\/\/api.w.org\/{rel}","templated":true}]}}